{"id":12180,"date":"2022-09-07T17:29:48","date_gmt":"2022-09-07T17:29:48","guid":{"rendered":"https:\/\/earthjustice.org\/?page_id=12180"},"modified":"2026-01-14T14:30:24","modified_gmt":"2026-01-14T22:30:24","slug":"library","status":"publish","type":"page","link":"https:\/\/earthjustice.org\/library","title":{"rendered":"Library"},"content":{"rendered":"\n  <h1>\n    Library Search\n<\/h1>\n\t<div class=\"facetwp-facet facetwp-facet-search facetwp-type-search\" data-name=\"search\" data-type=\"search\"><\/div>\n\t\t\t\t\t\t\t\t\t\t<a href=\"#\" id=\"fl-accordion--icon-0\"  tabindex=\"0\"><i>Expand<\/i><\/a>\n\t\t\t\t\t<a href=\"#\"  id=\"fl-accordion--label-0\" tabindex=\"0\" aria-controls=\"fl-accordion--panel-0\">More Search Options<\/a>\n<div class=\"facetwp-facet facetwp-facet-goal facetwp-type-fselect\" data-name=\"goal\" data-type=\"fselect\"><\/div>\n<div class=\"facetwp-facet facetwp-facet-type facetwp-type-fselect\" data-name=\"type\" data-type=\"fselect\"><\/div>\n<div class=\"facetwp-facet facetwp-facet-office facetwp-type-fselect\" data-name=\"office\" data-type=\"fselect\"><\/div>\n<div class=\"facetwp-facet facetwp-facet-case facetwp-type-fselect\" data-name=\"case\" data-type=\"fselect\"><\/div>\n<div class=\"facetwp-facet facetwp-facet-tag facetwp-type-fselect\" data-name=\"tag\" data-type=\"fselect\"><\/div>\n<div class=\"facetwp-facet facetwp-facet-victory facetwp-type-checkboxes\" data-name=\"victory\" data-type=\"checkboxes\"><\/div>\n<p><strong>Looking for more?<\/strong><\/p>\n<ul>\n<li>Visit <a href=\"\/about\/jobs\">Career Opportunities<\/a> to join our team at Earthjustice<\/li>\n<li>Visit <a href=\"\/action\/alerts\">Action Alerts<\/a> for ways to get involved and take action<\/li>\n<li>Visit the <a href=\"\/membercenter?ms=web_library\">Member Center<\/a> to update your monthly giving, view your online giving history, change your subscription preferences, and more<\/li>\n<li>Visit the <a href=\"\/help\/more?ms=web_library\">Help Center<\/a> to find answers to questions about donations and communication preferences<\/li>\n<\/ul>\n\t<div class=\"facetwp-facet facetwp-facet-library_sort facetwp-type-sort\" data-name=\"library_sort\" data-type=\"sort\"><\/div>\n\t<div class=\"facetwp-template\" data-name=\"library\">    <div class=\"grid_col--3-progressive\">\n                    <div class=\"teaser__grid\">\n                                    <div class=\"teaser__list--image\">\n                        <a href=\"https:\/\/earthjustice.org\/press\/2026\/court-allows-organizations-to-intervene-in-lawsuit-to-defend-chuckwalla-national-monument\" title=\"Court Allows Organizations to Intervene In Lawsuit to Defend Chuckwalla National Monument\"><img loading=\"lazy\" decoding=\"async\" width=\"1024\" height=\"683\" src=\"https:\/\/earthjustice.org\/wp-content\/uploads\/2025\/03\/8-credit_-bob-wick_-mule-mountains-wildflowers-day-1024x683.jpg\" class=\"attachment-large size-large wp-post-image\" alt=\"A view of wildflowers and the Mule Mountains located in Chuckwalla National Monument. (Bob Wick \/ BLM)\" title=\"Chuckwalla National Monument\" srcset=\"https:\/\/earthjustice.org\/wp-content\/uploads\/2025\/03\/8-credit_-bob-wick_-mule-mountains-wildflowers-day-1024x683.jpg 1024w, https:\/\/earthjustice.org\/wp-content\/uploads\/2025\/03\/8-credit_-bob-wick_-mule-mountains-wildflowers-day-300x200.jpg 300w, https:\/\/earthjustice.org\/wp-content\/uploads\/2025\/03\/8-credit_-bob-wick_-mule-mountains-wildflowers-day-768x512.jpg 768w, https:\/\/earthjustice.org\/wp-content\/uploads\/2025\/03\/8-credit_-bob-wick_-mule-mountains-wildflowers-day-1536x1025.jpg 1536w, https:\/\/earthjustice.org\/wp-content\/uploads\/2025\/03\/8-credit_-bob-wick_-mule-mountains-wildflowers-day.jpg 2000w\" sizes=\"(max-width: 1024px) 100vw, 1024px\" \/><\/a>\n                    <\/div>\n                                \n                <div class=\"teaser__grid--text bg_color--white\">\n                    <div class=\"p-t-10 p-r-25 p-b-20 p-l-25\">\n                        <div class=\"teaser__list--meta m-t-5\">\n                            <span class=\"p_size--label-basic color--grey-dark\">Press Release<\/span>\n                            <span class=\"separator--square color--grey-dark p-l-5 p-r-5\"><\/span>\n                            <span class=\"teaser__list--date\">March 5, 2026<\/span>\n                        <\/div>\n                        <h3 class=\"h3_type--editorial m-t-10\"><a href=\"https:\/\/earthjustice.org\/press\/2026\/court-allows-organizations-to-intervene-in-lawsuit-to-defend-chuckwalla-national-monument\" title=\"Court Allows Organizations to Intervene In Lawsuit to Defend Chuckwalla National Monument\">Court Allows Organizations to Intervene In Lawsuit to Defend Chuckwalla National Monument<\/a><\/h3>\n                        <div class=\"teaser__grid--summary p_size--small\"><p>Conservation, education, veteran, and recreation groups fight to protect critical Southern California public lands in Chuckwalla National Monument <\/p>\n<\/div>\n                    <\/div>\n                <\/div>\n            <\/div>\n                    <div class=\"teaser__grid\">\n                                    <div class=\"teaser__list--image\">\n                        <a href=\"https:\/\/earthjustice.org\/article\/these-people-are-furious-about-coal-ash-deregulation\" title=\"People Are Furious About Coal Ash Deregulation\"><img loading=\"lazy\" decoding=\"async\" width=\"1024\" height=\"681\" src=\"https:\/\/earthjustice.org\/wp-content\/uploads\/2026\/03\/coal-ash-hearing-4_2k-1024x681.jpg\" class=\"attachment-large size-large wp-post-image\" alt=\"People rally outside of an EPA public hearing on coal ash in Chicago, Illinois in 2023 (Jamie Kelter Davis for Earthjustice)\" title=\"Coal Ash Hearing\" srcset=\"https:\/\/earthjustice.org\/wp-content\/uploads\/2026\/03\/coal-ash-hearing-4_2k-1024x681.jpg 1024w, https:\/\/earthjustice.org\/wp-content\/uploads\/2026\/03\/coal-ash-hearing-4_2k-300x200.jpg 300w, https:\/\/earthjustice.org\/wp-content\/uploads\/2026\/03\/coal-ash-hearing-4_2k-768x511.jpg 768w, https:\/\/earthjustice.org\/wp-content\/uploads\/2026\/03\/coal-ash-hearing-4_2k-1536x1021.jpg 1536w, https:\/\/earthjustice.org\/wp-content\/uploads\/2026\/03\/coal-ash-hearing-4_2k.jpg 2000w\" sizes=\"(max-width: 1024px) 100vw, 1024px\" \/><\/a>\n                    <\/div>\n                                \n                <div class=\"teaser__grid--text bg_color--white\">\n                    <div class=\"p-t-10 p-r-25 p-b-20 p-l-25\">\n                        <div class=\"teaser__list--meta m-t-5\">\n                            <span class=\"p_size--label-basic color--grey-dark\">Article<\/span>\n                            <span class=\"separator--square color--grey-dark p-l-5 p-r-5\"><\/span>\n                            <span class=\"teaser__list--date\">March 5, 2026<\/span>\n                        <\/div>\n                        <h3 class=\"h3_type--editorial m-t-10\"><a href=\"https:\/\/earthjustice.org\/article\/these-people-are-furious-about-coal-ash-deregulation\" title=\"People Are Furious About Coal Ash Deregulation\">People Are Furious About Coal Ash Deregulation<\/a><\/h3>\n                        <div class=\"teaser__grid--summary p_size--small\"><p>Folks nationwide feel the Trump administration&#8217;s EPA is abandoning its responsibility to protect communities, and they are speaking out.<\/p>\n<\/div>\n                    <\/div>\n                <\/div>\n            <\/div>\n                    <div class=\"teaser__grid\">\n                                    <div class=\"teaser__list--image\">\n                        <a href=\"https:\/\/earthjustice.org\/press\/2026\/electrifyny-statement-statewide-coalition-of-electric-transportation-advocates-demands-governor-hochul-stay-the-course-on-climate-mandates\" title=\"ElectrifyNY Statement: NY Gov Hochul Stay on Course\"><img loading=\"lazy\" decoding=\"async\" width=\"1024\" height=\"682\" src=\"https:\/\/earthjustice.org\/wp-content\/uploads\/2024\/12\/ap24331678306134_2k-1024x682.jpg\" class=\"attachment-large size-large wp-post-image\" alt=\"New York Gov. Kathy Hochul. (Julia Demaree Nikhinson \/ AP)\" title=\"Kathy Hochul\" srcset=\"https:\/\/earthjustice.org\/wp-content\/uploads\/2024\/12\/ap24331678306134_2k-1024x682.jpg 1024w, https:\/\/earthjustice.org\/wp-content\/uploads\/2024\/12\/ap24331678306134_2k-300x200.jpg 300w, https:\/\/earthjustice.org\/wp-content\/uploads\/2024\/12\/ap24331678306134_2k-768x511.jpg 768w, https:\/\/earthjustice.org\/wp-content\/uploads\/2024\/12\/ap24331678306134_2k-1536x1023.jpg 1536w, https:\/\/earthjustice.org\/wp-content\/uploads\/2024\/12\/ap24331678306134_2k.jpg 2000w\" sizes=\"(max-width: 1024px) 100vw, 1024px\" \/><\/a>\n                    <\/div>\n                                \n                <div class=\"teaser__grid--text bg_color--white\">\n                    <div class=\"p-t-10 p-r-25 p-b-20 p-l-25\">\n                        <div class=\"teaser__list--meta m-t-5\">\n                            <span class=\"p_size--label-basic color--grey-dark\">Press Release<\/span>\n                            <span class=\"separator--square color--grey-dark p-l-5 p-r-5\"><\/span>\n                            <span class=\"teaser__list--date\">March 4, 2026<\/span>\n                        <\/div>\n                        <h3 class=\"h3_type--editorial m-t-10\"><a href=\"https:\/\/earthjustice.org\/press\/2026\/electrifyny-statement-statewide-coalition-of-electric-transportation-advocates-demands-governor-hochul-stay-the-course-on-climate-mandates\" title=\"ElectrifyNY Statement: NY Gov Hochul Stay on Course\">ElectrifyNY Statement: NY Gov Hochul Stay on Course<\/a><\/h3>\n                        <div class=\"teaser__grid--summary p_size--small\"><p>Statewide coalition of electric transportation advocates demands Governor Hochul stay the course on climate mandates<\/p>\n<\/div>\n                    <\/div>\n                <\/div>\n            <\/div>\n                    <div class=\"teaser__grid\">\n                                    <div class=\"teaser__list--image\">\n                        <a href=\"https:\/\/earthjustice.org\/press\/2026\/environmental-groups-sue-epa-for-illegally-rejecting-colorados-emission-reduction-plan\" title=\"Environmental Groups Sue EPA for Illegally Rejecting Colorado\u2019s Emission-Reduction Plan\"><img loading=\"lazy\" decoding=\"async\" width=\"800\" height=\"600\" src=\"https:\/\/earthjustice.org\/wp-content\/uploads\/rocky-mountain_von-fumetti-800.jpg\" class=\"attachment-large size-large wp-post-image\" alt=\"The Gerald Gentleman power station causes visible air pollution at iconic places such as Rocky Mountain National Park in Colorado. (Von Fumetti \/ CC BY 2.0)\" title=\"Rocky Mountain National Park in Colorado.\" srcset=\"https:\/\/earthjustice.org\/wp-content\/uploads\/rocky-mountain_von-fumetti-800.jpg 800w, https:\/\/earthjustice.org\/wp-content\/uploads\/rocky-mountain_von-fumetti-800-300x225.jpg 300w, https:\/\/earthjustice.org\/wp-content\/uploads\/rocky-mountain_von-fumetti-800-768x576.jpg 768w\" sizes=\"(max-width: 800px) 100vw, 800px\" \/><\/a>\n                    <\/div>\n                                \n                <div class=\"teaser__grid--text bg_color--white\">\n                    <div class=\"p-t-10 p-r-25 p-b-20 p-l-25\">\n                        <div class=\"teaser__list--meta m-t-5\">\n                            <span class=\"p_size--label-basic color--grey-dark\">Press Release<\/span>\n                            <span class=\"separator--square color--grey-dark p-l-5 p-r-5\"><\/span>\n                            <span class=\"teaser__list--date\">March 4, 2026<\/span>\n                        <\/div>\n                        <h3 class=\"h3_type--editorial m-t-10\"><a href=\"https:\/\/earthjustice.org\/press\/2026\/environmental-groups-sue-epa-for-illegally-rejecting-colorados-emission-reduction-plan\" title=\"Environmental Groups Sue EPA for Illegally Rejecting Colorado\u2019s Emission-Reduction Plan\">Environmental Groups Sue EPA for Illegally Rejecting Colorado\u2019s Emission-Reduction Plan<\/a><\/h3>\n                        <div class=\"teaser__grid--summary p_size--small\"><p>Groups challenge disapproval of state&#8217;s widely-supported regional haze plan<\/p>\n<\/div>\n                    <\/div>\n                <\/div>\n            <\/div>\n                    <div class=\"teaser__grid\">\n                                    <div class=\"teaser__list--image\">\n                        <a href=\"https:\/\/earthjustice.org\/press\/2026\/michigan-state-regulators-approve-win-for-michigan-families-new-agreements-between-utilities-and-advocates-will-lower-energy-bills-and-invest-in-home-improvements\" title=\"Michigan State Regulators Approve Win for Michigan Families: New Agreements Between Utilities and Advocates Will Lower Energy Bills and Invest in Home Improvements\"><img loading=\"lazy\" decoding=\"async\" width=\"1024\" height=\"739\" src=\"https:\/\/earthjustice.org\/wp-content\/uploads\/2023\/11\/231113juneau_heat_pumps26-1024x739.jpg\" class=\"attachment-large size-large wp-post-image\" alt=\"An inside wall unit to a heat pump system in Juneau, Alaska. (Michael Penn for Earthjustice)\" title=\"Juneau Heat Pump 5\" srcset=\"https:\/\/earthjustice.org\/wp-content\/uploads\/2023\/11\/231113juneau_heat_pumps26-1024x739.jpg 1024w, https:\/\/earthjustice.org\/wp-content\/uploads\/2023\/11\/231113juneau_heat_pumps26-300x217.jpg 300w, https:\/\/earthjustice.org\/wp-content\/uploads\/2023\/11\/231113juneau_heat_pumps26-768x554.jpg 768w, https:\/\/earthjustice.org\/wp-content\/uploads\/2023\/11\/231113juneau_heat_pumps26-1536x1109.jpg 1536w, https:\/\/earthjustice.org\/wp-content\/uploads\/2023\/11\/231113juneau_heat_pumps26.jpg 2000w\" sizes=\"(max-width: 1024px) 100vw, 1024px\" \/><\/a>\n                    <\/div>\n                                \n                <div class=\"teaser__grid--text bg_color--white\">\n                    <div class=\"p-t-10 p-r-25 p-b-20 p-l-25\">\n                        <div class=\"teaser__list--meta m-t-5\">\n                            <span class=\"p_size--label-basic color--grey-dark\">Press Release: <span class=\"color--red\">Victory<\/span><\/span>\n                            <span class=\"separator--square color--grey-dark p-l-5 p-r-5\"><\/span>\n                            <span class=\"teaser__list--date\">March 4, 2026<\/span>\n                        <\/div>\n                        <h3 class=\"h3_type--editorial m-t-10\"><a href=\"https:\/\/earthjustice.org\/press\/2026\/michigan-state-regulators-approve-win-for-michigan-families-new-agreements-between-utilities-and-advocates-will-lower-energy-bills-and-invest-in-home-improvements\" title=\"Michigan State Regulators Approve Win for Michigan Families: New Agreements Between Utilities and Advocates Will Lower Energy Bills and Invest in Home Improvements\">Michigan State Regulators Approve Win for Michigan Families: New Agreements Between Utilities and Advocates Will Lower Energy Bills and Invest in Home Improvements<\/a><\/h3>\n                        <div class=\"teaser__grid--summary p_size--small\"><p>Consumers Energy and DTE Energy agree to expand energy efficiency initiatives for low-income households<\/p>\n<\/div>\n                    <\/div>\n                <\/div>\n            <\/div>\n                    <div class=\"teaser__grid\">\n                                    <div class=\"teaser__list--image\">\n                        <a href=\"https:\/\/earthjustice.org\/press\/2026\/senator-lee-representative-maloy-introduce-joint-resolution-to-undo-grand-staircase-escalante-national-monument-management-plan\" title=\"Senator Lee, Representative Maloy Introduce Joint Resolution to Undo Grand Staircase-Escalante National Monument Management Plan\"><img loading=\"lazy\" decoding=\"async\" width=\"1024\" height=\"576\" src=\"https:\/\/earthjustice.org\/wp-content\/uploads\/2025\/07\/gse-getty-1024x576.jpg\" class=\"attachment-large size-large wp-post-image\" alt=\"The vibrant colors of Grand Staircase-Escalante National Monument. (Getty Images)\" title=\"Grand Staircase-Escalante National Monument.\" srcset=\"https:\/\/earthjustice.org\/wp-content\/uploads\/2025\/07\/gse-getty-1024x576.jpg 1024w, https:\/\/earthjustice.org\/wp-content\/uploads\/2025\/07\/gse-getty-300x169.jpg 300w, https:\/\/earthjustice.org\/wp-content\/uploads\/2025\/07\/gse-getty-768x432.jpg 768w, https:\/\/earthjustice.org\/wp-content\/uploads\/2025\/07\/gse-getty.jpg 1280w\" sizes=\"(max-width: 1024px) 100vw, 1024px\" \/><\/a>\n                    <\/div>\n                                \n                <div class=\"teaser__grid--text bg_color--white\">\n                    <div class=\"p-t-10 p-r-25 p-b-20 p-l-25\">\n                        <div class=\"teaser__list--meta m-t-5\">\n                            <span class=\"p_size--label-basic color--grey-dark\">Press Release<\/span>\n                            <span class=\"separator--square color--grey-dark p-l-5 p-r-5\"><\/span>\n                            <span class=\"teaser__list--date\">March 4, 2026<\/span>\n                        <\/div>\n                        <h3 class=\"h3_type--editorial m-t-10\"><a href=\"https:\/\/earthjustice.org\/press\/2026\/senator-lee-representative-maloy-introduce-joint-resolution-to-undo-grand-staircase-escalante-national-monument-management-plan\" title=\"Senator Lee, Representative Maloy Introduce Joint Resolution to Undo Grand Staircase-Escalante National Monument Management Plan\">Senator Lee, Representative Maloy Introduce Joint Resolution to Undo Grand Staircase-Escalante National Monument Management Plan<\/a><\/h3>\n                        <div class=\"teaser__grid--summary p_size--small\"><p>Threatens to bring chaos to a crown jewel of the nation\u2019s public lands system and upend public lands protection as we know it<\/p>\n<\/div>\n                    <\/div>\n                <\/div>\n            <\/div>\n                    <div class=\"teaser__grid\">\n                                    <div class=\"teaser__list--image\">\n                        <a href=\"https:\/\/earthjustice.org\/article\/the-little-known-law-congress-is-abusing-to-sell-out-our-public-lands\" title=\"The Little-Known Law Congress is Abusing to Sell Out Our Public Lands\"><img loading=\"lazy\" decoding=\"async\" width=\"1024\" height=\"650\" src=\"https:\/\/earthjustice.org\/wp-content\/uploads\/2026\/01\/boundary-waters-canoe-area-1-1024x650.jpg\" class=\"attachment-large size-large wp-post-image\" alt=\"Canoers paddle in the Boundary Waters Canoe Area in Northern Minnesota. (Brad Zweerink \/ Earthjustice)\" title=\"Boundary Waters Canoe Area\" srcset=\"https:\/\/earthjustice.org\/wp-content\/uploads\/2026\/01\/boundary-waters-canoe-area-1-1024x650.jpg 1024w, https:\/\/earthjustice.org\/wp-content\/uploads\/2026\/01\/boundary-waters-canoe-area-1-300x191.jpg 300w, https:\/\/earthjustice.org\/wp-content\/uploads\/2026\/01\/boundary-waters-canoe-area-1-768x488.jpg 768w, https:\/\/earthjustice.org\/wp-content\/uploads\/2026\/01\/boundary-waters-canoe-area-1-1536x975.jpg 1536w, https:\/\/earthjustice.org\/wp-content\/uploads\/2026\/01\/boundary-waters-canoe-area-1.jpg 2000w\" sizes=\"(max-width: 1024px) 100vw, 1024px\" \/><\/a>\n                    <\/div>\n                                \n                <div class=\"teaser__grid--text bg_color--white\">\n                    <div class=\"p-t-10 p-r-25 p-b-20 p-l-25\">\n                        <div class=\"teaser__list--meta m-t-5\">\n                            <span class=\"p_size--label-basic color--grey-dark\">Article<\/span>\n                            <span class=\"separator--square color--grey-dark p-l-5 p-r-5\"><\/span>\n                            <span class=\"teaser__list--date\">March 4, 2026<\/span>\n                        <\/div>\n                        <h3 class=\"h3_type--editorial m-t-10\"><a href=\"https:\/\/earthjustice.org\/article\/the-little-known-law-congress-is-abusing-to-sell-out-our-public-lands\" title=\"The Little-Known Law Congress is Abusing to Sell Out Our Public Lands\">The Little-Known Law Congress is Abusing to Sell Out Our Public Lands<\/a><\/h3>\n                        <div class=\"teaser__grid--summary p_size--small\"><p>How lawmakers are clearing the way for mining and fossil fuel development across the western U.S. and Alaska.<\/p>\n<\/div>\n                    <\/div>\n                <\/div>\n            <\/div>\n                    <div class=\"teaser__grid\">\n                                    <div class=\"teaser__list--image\">\n                        <a href=\"https:\/\/earthjustice.org\/press\/2026\/public-interest-groups-go-to-court-to-halt-trump-administration-order-to-keep-washingtons-last-coal-plant-operating\" title=\"Public Interest Groups Go to Court to Halt Trump Administration Order to Keep Washington\u2019s Last Coal Plant Operating\"><img loading=\"lazy\" decoding=\"async\" width=\"800\" height=\"600\" src=\"https:\/\/earthjustice.org\/wp-content\/uploads\/transalta_earthjustice-800.jpg\" class=\"attachment-large size-large wp-post-image\" alt=\"The TransAlta coal plant in Centralia, WA, is the largest source of mercury and global warming pollutants in the state.\n(Earthjustice Photo)\" title=\"The TransAlta coal plant in Centralia, WA.\" srcset=\"https:\/\/earthjustice.org\/wp-content\/uploads\/transalta_earthjustice-800.jpg 800w, https:\/\/earthjustice.org\/wp-content\/uploads\/transalta_earthjustice-800-300x225.jpg 300w, https:\/\/earthjustice.org\/wp-content\/uploads\/transalta_earthjustice-800-768x576.jpg 768w\" sizes=\"(max-width: 800px) 100vw, 800px\" \/><\/a>\n                    <\/div>\n                                \n                <div class=\"teaser__grid--text bg_color--white\">\n                    <div class=\"p-t-10 p-r-25 p-b-20 p-l-25\">\n                        <div class=\"teaser__list--meta m-t-5\">\n                            <span class=\"p_size--label-basic color--grey-dark\">Press Release<\/span>\n                            <span class=\"separator--square color--grey-dark p-l-5 p-r-5\"><\/span>\n                            <span class=\"teaser__list--date\">March 3, 2026<\/span>\n                        <\/div>\n                        <h3 class=\"h3_type--editorial m-t-10\"><a href=\"https:\/\/earthjustice.org\/press\/2026\/public-interest-groups-go-to-court-to-halt-trump-administration-order-to-keep-washingtons-last-coal-plant-operating\" title=\"Public Interest Groups Go to Court to Halt Trump Administration Order to Keep Washington\u2019s Last Coal Plant Operating\">Public Interest Groups Go to Court to Halt Trump Administration Order to Keep Washington\u2019s Last Coal Plant Operating<\/a><\/h3>\n                        <div class=\"teaser__grid--summary p_size--small\"><p>The long-planned shutdown of the coal plant in Centralia, Washington, was designed to provide state residents with cleaner air and more affordable, reliable, clean energy <\/p>\n<\/div>\n                    <\/div>\n                <\/div>\n            <\/div>\n                    <div class=\"teaser__grid\">\n                                    <div class=\"teaser__grid--border\"><\/div>\n                                 \n                <div class=\"teaser__grid--text bg_color--white\">\n                    <div class=\"p-t-10 p-r-25 p-b-20 p-l-25\">\n                        <div class=\"teaser__list--meta m-t-5\">\n                            <span class=\"p_size--label-basic color--grey-dark\">document<\/span>\n                            <span class=\"separator--square color--grey-dark p-l-5 p-r-5\"><\/span>\n                            <span class=\"teaser__list--date\">March 3, 2026<\/span>\n                        <\/div>\n                        <h3 class=\"h3_type--editorial m-t-10\"><a href=\"https:\/\/earthjustice.org\/document\/earthjustice-challenge-to-the-trump-administration-order-to-keep-washingtons-last-coal-plant-operating\" title=\"Earthjustice Challenge to the Trump Administration Order to Keep Washington\u2019s Last Coal Plant Operating\">Earthjustice Challenge to the Trump Administration Order to Keep Washington\u2019s Last Coal Plant Operating<\/a><\/h3>\n                        <div class=\"teaser__grid--summary p_size--small\"><p>Earthjustice filed a petition for review in the Ninth Circuit Court of Appeals to overturn an illegal emergency order issued by the Department of Energy forcing Washington\u2019s last coal plant to continue operating. <\/p>\n<\/div>\n                    <\/div>\n                <\/div>\n            <\/div>\n                    <div class=\"teaser__grid\">\n                                    <div class=\"teaser__list--image\">\n                        <a href=\"https:\/\/earthjustice.org\/press\/2026\/intento-de-la-administracion-trump-por-eliminar-la-tarifa-de-congestion-es-ilegal-determina-corte-federal\" title=\"Intento de la Administraci\u00f3n Trump por Eliminar la Tarifa de Congesti\u00f3n es Ilegal, Determina Corte Federal\"><img loading=\"lazy\" decoding=\"async\" width=\"1024\" height=\"682\" src=\"https:\/\/earthjustice.org\/wp-content\/uploads\/2026\/03\/nyc-train_getty-1-1024x682.avif\" class=\"attachment-large size-large wp-post-image\" alt=\"Un tren del metro de la l\u00ednea 7 en Queens. El programa de tarifas por congesti\u00f3n de la ciudad de Nueva York est\u00e1 recaudando millones para mejoras en el transporte p\u00fablico y reduciendo significativamente el tr\u00e1fico. (Marco Bottigelli \/ Getty Images)\" title=\"nyc-train_getty-1\" srcset=\"https:\/\/earthjustice.org\/wp-content\/uploads\/2026\/03\/nyc-train_getty-1-1024x682.avif 1024w, https:\/\/earthjustice.org\/wp-content\/uploads\/2026\/03\/nyc-train_getty-1-300x200.avif 300w, https:\/\/earthjustice.org\/wp-content\/uploads\/2026\/03\/nyc-train_getty-1-768x512.avif 768w, https:\/\/earthjustice.org\/wp-content\/uploads\/2026\/03\/nyc-train_getty-1-1536x1024.avif 1536w, https:\/\/earthjustice.org\/wp-content\/uploads\/2026\/03\/nyc-train_getty-1.avif 2000w\" sizes=\"(max-width: 1024px) 100vw, 1024px\" \/><\/a>\n                    <\/div>\n                                \n                <div class=\"teaser__grid--text bg_color--white\">\n                    <div class=\"p-t-10 p-r-25 p-b-20 p-l-25\">\n                        <div class=\"teaser__list--meta m-t-5\">\n                            <span class=\"p_size--label-basic color--grey-dark\">Press Release: <span class=\"color--red\">Victory<\/span><\/span>\n                            <span class=\"separator--square color--grey-dark p-l-5 p-r-5\"><\/span>\n                            <span class=\"teaser__list--date\">March 3, 2026<\/span>\n                        <\/div>\n                        <h3 class=\"h3_type--editorial m-t-10\"><a href=\"https:\/\/earthjustice.org\/press\/2026\/intento-de-la-administracion-trump-por-eliminar-la-tarifa-de-congestion-es-ilegal-determina-corte-federal\" title=\"Intento de la Administraci\u00f3n Trump por Eliminar la Tarifa de Congesti\u00f3n es Ilegal, Determina Corte Federal\">Intento de la Administraci\u00f3n Trump por Eliminar la Tarifa de Congesti\u00f3n es Ilegal, Determina Corte Federal<\/a><\/h3>\n                        <div class=\"teaser__grid--summary p_size--small\"><p>Tras su primer aniversario, el programa de Tarifa de Congesti\u00f3n ha limpiado el aire, mejorado la seguridad en las calles, impulsado la econom\u00eda local y aportado millones para mejoras en el transporte p\u00fablico<\/p>\n<\/div>\n                    <\/div>\n                <\/div>\n            <\/div>\n                    <div class=\"teaser__grid\">\n                                    <div class=\"teaser__grid--border\"><\/div>\n                                 \n                <div class=\"teaser__grid--text bg_color--white\">\n                    <div class=\"p-t-10 p-r-25 p-b-20 p-l-25\">\n                        <div class=\"teaser__list--meta m-t-5\">\n                            <span class=\"p_size--label-basic color--grey-dark\">Press Release<\/span>\n                            <span class=\"separator--square color--grey-dark p-l-5 p-r-5\"><\/span>\n                            <span class=\"teaser__list--date\">March 3, 2026<\/span>\n                        <\/div>\n                        <h3 class=\"h3_type--editorial m-t-10\"><a href=\"https:\/\/earthjustice.org\/press\/2026\/lawsuit-challenges-montanas-bull-mountains-coal-mine-expansion-trumps-sham-energy-emergency\" title=\"Lawsuit Challenges Montana\u2019s Bull Mountains Coal Mine Expansion, Trump\u2019s Sham Energy Emergency\">Lawsuit Challenges Montana\u2019s Bull Mountains Coal Mine Expansion, Trump\u2019s Sham Energy Emergency<\/a><\/h3>\n                        <div class=\"teaser__grid--summary p_size--small\"><p>Federal agency rammed through expansion, illegally skipped environmental analysis, shut out public<\/p>\n<\/div>\n                    <\/div>\n                <\/div>\n            <\/div>\n                    <div class=\"teaser__grid\">\n                                    <div class=\"teaser__grid--border\"><\/div>\n                                 \n                <div class=\"teaser__grid--text bg_color--white\">\n                    <div class=\"p-t-10 p-r-25 p-b-20 p-l-25\">\n                        <div class=\"teaser__list--meta m-t-5\">\n                            <span class=\"p_size--label-basic color--grey-dark\">Press Release<\/span>\n                            <span class=\"separator--square color--grey-dark p-l-5 p-r-5\"><\/span>\n                            <span class=\"teaser__list--date\">March 3, 2026<\/span>\n                        <\/div>\n                        <h3 class=\"h3_type--editorial m-t-10\"><a href=\"https:\/\/earthjustice.org\/press\/2026\/florida-conto-con-1-4-mil-millones-en-fondos-federales-para-el-centro-de-detencion-de-los-everglades\" title=\"Florida Cont\u00f3 con $1.4 mil Millones en Fondos Federales para el Centro de Detenci\u00f3n de los Everglades\">Florida Cont\u00f3 con $1.4 mil Millones en Fondos Federales para el Centro de Detenci\u00f3n de los Everglades<\/a><\/h3>\n                        <div class=\"teaser__grid--summary p_size--small\"><p>Los archivos reci\u00e9n publicados muestran claramente que el centro de detenci\u00f3n, conocido como &#8220;Alligator Alcatraz&#8221;, es un proyecto federal. La instalaci\u00f3n est\u00e1 perjudicando las aguas, la flora y fauna en peligro de extinci\u00f3n en uno de los parajes naturales m\u00e1s preciados del estado<\/p>\n<\/div>\n                    <\/div>\n                <\/div>\n            <\/div>\n                    <div class=\"teaser__grid\">\n                                    <div class=\"teaser__grid--border\"><\/div>\n                                 \n                <div class=\"teaser__grid--text bg_color--white\">\n                    <div class=\"p-t-10 p-r-25 p-b-20 p-l-25\">\n                        <div class=\"teaser__list--meta m-t-5\">\n                            <span class=\"p_size--label-basic color--grey-dark\">document<\/span>\n                            <span class=\"separator--square color--grey-dark p-l-5 p-r-5\"><\/span>\n                            <span class=\"teaser__list--date\">March 3, 2026<\/span>\n                        <\/div>\n                        <h3 class=\"h3_type--editorial m-t-10\"><a href=\"https:\/\/earthjustice.org\/document\/bull-mountains-coal-mine-complaint\" title=\"Bull Mountains Coal Mine Complaint\">Bull Mountains Coal Mine Complaint<\/a><\/h3>\n                        <div class=\"teaser__grid--summary p_size--small\"><p>Conservation groups sued the Trump administration over its approval of a major expansion of the Bull Mountains Coal Mine in Montana.<\/p>\n<\/div>\n                    <\/div>\n                <\/div>\n            <\/div>\n                    <div class=\"teaser__grid\">\n                                    <div class=\"teaser__grid--border\"><\/div>\n                                 \n                <div class=\"teaser__grid--text bg_color--white\">\n                    <div class=\"p-t-10 p-r-25 p-b-20 p-l-25\">\n                        <div class=\"teaser__list--meta m-t-5\">\n                            <span class=\"p_size--label-basic color--grey-dark\">Press Release<\/span>\n                            <span class=\"separator--square color--grey-dark p-l-5 p-r-5\"><\/span>\n                            <span class=\"teaser__list--date\">March 3, 2026<\/span>\n                        <\/div>\n                        <h3 class=\"h3_type--editorial m-t-10\"><a href=\"https:\/\/earthjustice.org\/press\/2026\/kapalua-golf-course-not-authorized-to-irrigate-with-drinking-water\" title=\"Kapalua Golf Course Not Authorized to Irrigate With Drinking Water \">Kapalua Golf Course Not Authorized to Irrigate With Drinking Water <\/a><\/h3>\n                        <div class=\"teaser__grid--summary p_size--small\"><p>Water commission chair corrects record, confirms by letter that use of potable groundwater for turf grass irrigation has not been recognized as an existing use <\/p>\n<\/div>\n                    <\/div>\n                <\/div>\n            <\/div>\n                    <div class=\"teaser__grid\">\n                                    <div class=\"teaser__list--image\">\n                        <a href=\"https:\/\/earthjustice.org\/press\/2026\/federal-court-rules-that-trump-administrations-attempt-to-end-congestion-pricing-is-unlawful\" title=\"Federal Court Rules That Trump Administration\u2019s Attempt to End Congestion Pricing Is Unlawful\"><img loading=\"lazy\" decoding=\"async\" width=\"1024\" height=\"682\" src=\"https:\/\/earthjustice.org\/wp-content\/uploads\/2025\/03\/nyc-train_getty-1-1024x682.jpg\" class=\"attachment-large size-large wp-post-image\" alt=\"A subway train on the 7 line in Queens. New York City&#039;s congestion pricing program is raising millions for public transit improvements and significantly reducing traffic. (Marco Bottigelli \/ Getty Images)\" title=\"nyc-train_getty\" srcset=\"https:\/\/earthjustice.org\/wp-content\/uploads\/2025\/03\/nyc-train_getty-1-1024x682.jpg 1024w, https:\/\/earthjustice.org\/wp-content\/uploads\/2025\/03\/nyc-train_getty-1-300x200.jpg 300w, https:\/\/earthjustice.org\/wp-content\/uploads\/2025\/03\/nyc-train_getty-1-768x512.jpg 768w, https:\/\/earthjustice.org\/wp-content\/uploads\/2025\/03\/nyc-train_getty-1-1536x1024.jpg 1536w, https:\/\/earthjustice.org\/wp-content\/uploads\/2025\/03\/nyc-train_getty-1.jpg 2000w\" sizes=\"(max-width: 1024px) 100vw, 1024px\" \/><\/a>\n                    <\/div>\n                                \n                <div class=\"teaser__grid--text bg_color--white\">\n                    <div class=\"p-t-10 p-r-25 p-b-20 p-l-25\">\n                        <div class=\"teaser__list--meta m-t-5\">\n                            <span class=\"p_size--label-basic color--grey-dark\">Press Release: <span class=\"color--red\">Victory<\/span><\/span>\n                            <span class=\"separator--square color--grey-dark p-l-5 p-r-5\"><\/span>\n                            <span class=\"teaser__list--date\">March 3, 2026<\/span>\n                        <\/div>\n                        <h3 class=\"h3_type--editorial m-t-10\"><a href=\"https:\/\/earthjustice.org\/press\/2026\/federal-court-rules-that-trump-administrations-attempt-to-end-congestion-pricing-is-unlawful\" title=\"Federal Court Rules That Trump Administration\u2019s Attempt to End Congestion Pricing Is Unlawful\">Federal Court Rules That Trump Administration\u2019s Attempt to End Congestion Pricing Is Unlawful<\/a><\/h3>\n                        <div class=\"teaser__grid--summary p_size--small\"><p>After 1-year anniversary, the Congestion Pricing program has cleaned the air, made streets safer, boosted local economy, and added millions for public transportation improvements<\/p>\n<\/div>\n                    <\/div>\n                <\/div>\n            <\/div>\n                    <div class=\"teaser__grid\">\n                                    <div class=\"teaser__list--image\">\n                        <a href=\"https:\/\/earthjustice.org\/experts\/esme-levy\/the-city-of-long-beach-approved-yet-another-oil-storage-tank-project\" title=\"The City of Long Beach Approved Yet Another Oil Storage Tank Project.\"><img loading=\"lazy\" decoding=\"async\" width=\"1024\" height=\"683\" src=\"https:\/\/earthjustice.org\/wp-content\/uploads\/2026\/03\/img_9858-1024x683.jpeg\" class=\"attachment-large size-large wp-post-image\" alt=\"Oil storage tanks at the Port of Long Beach. (John Gannon for Earthjustice)\" title=\"Oil Storage Tanks\" srcset=\"https:\/\/earthjustice.org\/wp-content\/uploads\/2026\/03\/img_9858-1024x683.jpeg 1024w, https:\/\/earthjustice.org\/wp-content\/uploads\/2026\/03\/img_9858-300x200.jpeg 300w, https:\/\/earthjustice.org\/wp-content\/uploads\/2026\/03\/img_9858-768x512.jpeg 768w, https:\/\/earthjustice.org\/wp-content\/uploads\/2026\/03\/img_9858-1536x1024.jpeg 1536w, https:\/\/earthjustice.org\/wp-content\/uploads\/2026\/03\/img_9858-2048x1365.jpeg 2048w\" sizes=\"(max-width: 1024px) 100vw, 1024px\" \/><\/a>\n                    <\/div>\n                                \n                <div class=\"teaser__grid--text bg_color--white\">\n                    <div class=\"p-t-10 p-r-25 p-b-20 p-l-25\">\n                        <div class=\"teaser__list--meta m-t-5\">\n                            <span class=\"p_size--label-basic color--grey-dark\">From the Experts<\/span>\n                            <span class=\"separator--square color--grey-dark p-l-5 p-r-5\"><\/span>\n                            <span class=\"teaser__list--date\">March 3, 2026<\/span>\n                        <\/div>\n                        <h3 class=\"h3_type--editorial m-t-10\"><a href=\"https:\/\/earthjustice.org\/experts\/esme-levy\/the-city-of-long-beach-approved-yet-another-oil-storage-tank-project\" title=\"The City of Long Beach Approved Yet Another Oil Storage Tank Project.\">The City of Long Beach Approved Yet Another Oil Storage Tank Project.<\/a><\/h3>\n                        <div class=\"teaser__grid--summary p_size--small\"><p>Neighbors say enough is enough. <\/p>\n<\/div>\n                    <\/div>\n                <\/div>\n            <\/div>\n                    <div class=\"teaser__grid\">\n                                    <div class=\"teaser__list--image\">\n                        <a href=\"https:\/\/earthjustice.org\/press\/2026\/florida-banked-on-1-4-billion-in-federal-funds-for-everglades-detention-center\" title=\"Florida Banked on $1.4 Billion in Federal Funds for Everglades Detention Center\"><img loading=\"lazy\" decoding=\"async\" width=\"1024\" height=\"682\" src=\"https:\/\/earthjustice.org\/wp-content\/uploads\/2025\/08\/everglades-detention-center_ap-1024x682.jpg\" class=\"attachment-large size-large wp-post-image\" alt=\"The migrant detention facility at Dade-Collier Training and Transition facility in the Everglades on July 4, 2025, in Ochopee, Fla. (Rebecca Blackwell \/ AP)\" title=\"everglades-detention-center_ap\" srcset=\"https:\/\/earthjustice.org\/wp-content\/uploads\/2025\/08\/everglades-detention-center_ap-1024x682.jpg 1024w, https:\/\/earthjustice.org\/wp-content\/uploads\/2025\/08\/everglades-detention-center_ap-300x200.jpg 300w, https:\/\/earthjustice.org\/wp-content\/uploads\/2025\/08\/everglades-detention-center_ap-768x512.jpg 768w, https:\/\/earthjustice.org\/wp-content\/uploads\/2025\/08\/everglades-detention-center_ap-1536x1024.jpg 1536w, https:\/\/earthjustice.org\/wp-content\/uploads\/2025\/08\/everglades-detention-center_ap.jpg 2000w\" sizes=\"(max-width: 1024px) 100vw, 1024px\" \/><\/a>\n                    <\/div>\n                                \n                <div class=\"teaser__grid--text bg_color--white\">\n                    <div class=\"p-t-10 p-r-25 p-b-20 p-l-25\">\n                        <div class=\"teaser__list--meta m-t-5\">\n                            <span class=\"p_size--label-basic color--grey-dark\">Press Release<\/span>\n                            <span class=\"separator--square color--grey-dark p-l-5 p-r-5\"><\/span>\n                            <span class=\"teaser__list--date\">March 3, 2026<\/span>\n                        <\/div>\n                        <h3 class=\"h3_type--editorial m-t-10\"><a href=\"https:\/\/earthjustice.org\/press\/2026\/florida-banked-on-1-4-billion-in-federal-funds-for-everglades-detention-center\" title=\"Florida Banked on $1.4 Billion in Federal Funds for Everglades Detention Center\">Florida Banked on $1.4 Billion in Federal Funds for Everglades Detention Center<\/a><\/h3>\n                        <div class=\"teaser__grid--summary p_size--small\"><p>The newly released files clearly show that the detention center, known as \u201cAlligator Alcatraz,\u201d is a federal project. The facility is harming the waters and endangered plants and animals in one of Florida\u2019s most cherished wild places.<\/p>\n<\/div>\n                    <\/div>\n                <\/div>\n            <\/div>\n                    <div class=\"teaser__grid\">\n                                    <div class=\"teaser__grid--border\"><\/div>\n                                 \n                <div class=\"teaser__grid--text bg_color--white\">\n                    <div class=\"p-t-10 p-r-25 p-b-20 p-l-25\">\n                        <div class=\"teaser__list--meta m-t-5\">\n                            <span class=\"p_size--label-basic color--grey-dark\">document<\/span>\n                            <span class=\"separator--square color--grey-dark p-l-5 p-r-5\"><\/span>\n                            <span class=\"teaser__list--date\">March 3, 2026<\/span>\n                        <\/div>\n                        <h3 class=\"h3_type--editorial m-t-10\"><a href=\"https:\/\/earthjustice.org\/document\/federal-court-congestion-pricing-decision\" title=\"Federal Court: Congestion Pricing Decision\">Federal Court: Congestion Pricing Decision<\/a><\/h3>\n                        <div class=\"teaser__grid--summary p_size--small\"><p>The United States District Court &#8211; Southern District of New York rejected the Trump administration\u2019s attempt to wipe out New York City\u2019s proven-successful Congestion Pricing program. Represented by Earthjustice, Riders Alliance and Sierra Club filed a lawsuit joining the Metropolitan Transportation Authority\u2019s as interveners.  <\/p>\n<\/div>\n                    <\/div>\n                <\/div>\n            <\/div>\n            <\/div>\n<\/div>\n\n","protected":false},"excerpt":{"rendered":"<p>Helping you find what you need on the Earthjustice website<\/p>\n","protected":false},"author":1,"featured_media":0,"parent":0,"menu_order":0,"comment_status":"closed","ping_status":"closed","template":"","meta":{"_acf_changed":false,"_relevanssi_hide_post":"","_relevanssi_hide_content":"","_relevanssi_pin_for_all":"","_relevanssi_pin_keywords":"","_relevanssi_unpin_keywords":"","_relevanssi_related_keywords":"","_relevanssi_related_include_ids":"","_relevanssi_related_exclude_ids":"","_relevanssi_related_no_append":"","_relevanssi_related_not_related":"","_relevanssi_related_posts":"","_relevanssi_noindex_reason":"Yoast SEO Relevanssi index exclude","inline_featured_image":false,"footnotes":""},"tags":[],"language":[179],"offices":[],"cases":[],"goals":[],"class_list":["post-12180","page","type-page","status-publish","hentry","language-english"],"pp_statuses_selecting_workflow":false,"pp_workflow_action":"current","pp_status_selection":"publish","acf":[],"_links":{"self":[{"href":"https:\/\/earthjustice.org\/wp-json\/wp\/v2\/pages\/12180","targetHints":{"allow":["GET"]}}],"collection":[{"href":"https:\/\/earthjustice.org\/wp-json\/wp\/v2\/pages"}],"about":[{"href":"https:\/\/earthjustice.org\/wp-json\/wp\/v2\/types\/page"}],"author":[{"embeddable":true,"href":"https:\/\/earthjustice.org\/wp-json\/wp\/v2\/users\/1"}],"replies":[{"embeddable":true,"href":"https:\/\/earthjustice.org\/wp-json\/wp\/v2\/comments?post=12180"}],"version-history":[{"count":11,"href":"https:\/\/earthjustice.org\/wp-json\/wp\/v2\/pages\/12180\/revisions"}],"predecessor-version":[{"id":50640,"href":"https:\/\/earthjustice.org\/wp-json\/wp\/v2\/pages\/12180\/revisions\/50640"}],"wp:attachment":[{"href":"https:\/\/earthjustice.org\/wp-json\/wp\/v2\/media?parent=12180"}],"wp:term":[{"taxonomy":"post_tag","embeddable":true,"href":"https:\/\/earthjustice.org\/wp-json\/wp\/v2\/tags?post=12180"},{"taxonomy":"language","embeddable":true,"href":"https:\/\/earthjustice.org\/wp-json\/wp\/v2\/language?post=12180"},{"taxonomy":"offices","embeddable":true,"href":"https:\/\/earthjustice.org\/wp-json\/wp\/v2\/offices?post=12180"},{"taxonomy":"cases","embeddable":true,"href":"https:\/\/earthjustice.org\/wp-json\/wp\/v2\/cases?post=12180"},{"taxonomy":"goals","embeddable":true,"href":"https:\/\/earthjustice.org\/wp-json\/wp\/v2\/goals?post=12180"}],"curies":[{"name":"wp","href":"https:\/\/api.w.org\/{rel}","templated":true}]}}